{"id":734,"date":"2025-09-17T01:13:41","date_gmt":"2025-09-17T01:13:41","guid":{"rendered":"https:\/\/legiergroup.info\/?page_id=734"},"modified":"2025-10-23T12:02:08","modified_gmt":"2025-10-23T12:02:08","slug":"declaracion-de-proteccion-de-datos","status":"publish","type":"page","link":"https:\/\/legiergroup.info\/es\/datenschutzerklaerung\/","title":{"rendered":"Pol\u00edtica de privacidad"},"content":{"rendered":"<div data-elementor-type=\"wp-page\" data-elementor-id=\"734\" class=\"elementor elementor-734\" data-elementor-post-type=\"page\">\n\t\t\t\t<div class=\"elementor-element elementor-element-a0d63c9 e-flex e-con-boxed e-con e-parent\" data-id=\"a0d63c9\" data-element_type=\"container\" data-e-type=\"container\">\n\t\t\t\t\t<div class=\"e-con-inner\">\n\t\t\t\t<div class=\"elementor-element elementor-element-ec36cb1 elementor-widget elementor-widget-text-editor\" data-id=\"ec36cb1\" data-element_type=\"widget\" data-e-type=\"widget\" data-widget_type=\"text-editor.default\">\n\t\t\t\t\t\t\t\t\t<h1>Pol\u00edtica de privacidad de LEGIER Beteiligungs mbH (LEGIER MEDIENGRUPPE)<\/h1>\n<h4>Situaci\u00f3n: 01 de junio de 2025<\/h4>\nGracias por su inter\u00e9s en los servicios ofrecidos por LEGIER MEDIENGRUPPE. La protecci\u00f3n de sus datos personales es importante para nosotros. Con esta declaraci\u00f3n de protecci\u00f3n de datos, le informamos sobre el tipo, el alcance y la finalidad de los datos personales tratados por nosotros y sobre sus derechos como interesado.\n<h2>1. persona responsable<\/h2>\nEl responsable del tratamiento de datos en el sentido del Art. 4 n\u00ba 7 GDPR \/ Reglamento General de Protecci\u00f3n de Datos de la Rep\u00fablica Federal de Alemania es\n\n<b>LEGIER Beteiligungs mbH (GRUPO DE MEDIOS LEGIER)<\/b>\n\nKurfurstendamm 14\nD-10719 Berlin\nBundesrepublik Deutschland\nTelefon: +49 (0) 30 99211 &#8211; 3 469\nE-Mail:\u00a0<a href=\"mailto:Datenschutz@LegierGroup.com\" target=\"_blank\" rel=\"noopener noreferrer\">Datenschutz@LegierGroup.com<\/a>\n\nHandelsregister: Berlin-Charlottenburg HRB 57837\nUSt. ID: DE 413445833\n\nBei Fragen zum Datenschutz k\u00f6nnen Sie sich jederzeit an unseren Datenschutzbeauftragten wenden:\n\n<b>Responsable de protecci\u00f3n de datos del LEGIER MEDIENGRUPPE<\/b>\nKurfurstendamm 14\nD-10719 Berlin\nBundesrepublik Deutschland\nE-Mail:\u00a0<a href=\"mailto:Datenschutz@LegierGroup.com\" target=\"_blank\" rel=\"noopener noreferrer\">Datenschutz@LegierGroup.com<\/a>\n\n<b>Autoridad de control:<\/b>\nF\u00fcr journalistisch-redaktionelle Inhalte zust\u00e4ndige Aufsichtsbeh\u00f6rde:\nLandesmedienanstalt Berlin-Brandenburg (mabb)\nKleine Pr\u00e4sidentenstra\u00dfe 1\n10178 Berlin (Bundesrepublik Deutschland)\n<div class=\"mt-2 mb-2\"><img decoding=\"async\" src=\"https:\/\/legiergroup.info\/wp-content\/uploads\/2025\/10\/datenschutzhinweis_1.jpg\" width=\"100%\" \/><\/div>\n<b>Base jur\u00eddica:<\/b>\n<ul>\n \t<li><b>Ley de Servicios Digitales (DDG) de la Rep\u00fablica Federal de Alemania:<\/b>\u00a0Normativa para proveedores de telemedios (antes Ley de Telemedios, TMG), en particular obligaciones de etiquetado de proveedores, normas de responsabilidad y requisitos de transparencia.<\/li>\n \t<li><b>Tratado interestatal de radiodifusi\u00f3n (RStV) de la Rep\u00fablica Federal de Alemania:<\/b>\u00a0Regula los requisitos de la radiodifusi\u00f3n y la telemedia en Alemania, en particular en lo relativo a la responsabilidad por los contenidos.<\/li>\n \t<li><b>Mediendienstestaatsvertrag (MDStV) de la Rep\u00fablica Federal de Alemania:<\/b>\u00a0Normativa predecesora de partes del Tratado Interestatal de Radiodifusi\u00f3n, sustituida por la DDG y el Tratado Interestatal de Radiodifusi\u00f3n.<\/li>\n<\/ul>\n<h2>2. tipos de datos recogidos<\/h2>\nRecogemos y tratamos los siguientes datos personales:\n<ul>\n \t<li><b>Datos maestros:<\/b>\u00a0Nombre, direcci\u00f3n, direcci\u00f3n de correo electr\u00f3nico, n\u00famero de tel\u00e9fono<\/li>\n \t<li><b>Datos de pago:<\/b>\u00a0Datos bancarios y de la tarjeta de cr\u00e9dito (para suscripciones o servicios de pago)<\/li>\n \t<li><b>Datos de uso:<\/b>\u00a0Direcci\u00f3n IP, informaci\u00f3n del dispositivo, datos del navegador, p\u00e1ginas visitadas, duraci\u00f3n de la visita<\/li>\n \t<li><b>Datos de contenido:<\/b>\u00a0Comentarios, valoraciones, fotos o v\u00eddeos subidos<\/li>\n \t<li><b>Datos de comunicaci\u00f3n:<\/b>\u00a0Correspondencia electr\u00f3nica, consultas a trav\u00e9s de formularios de contacto<\/li>\n<\/ul>\n<h2>3. objetivo de la recogida de datos<\/h2>\nRecogemos y tratamos sus datos para los siguientes fines:\n<ul>\n \t<li>Provisi\u00f3n y mejora de nuestras ofertas y servicios period\u00edsticos<\/li>\n \t<li>Tramitaci\u00f3n de suscripciones y pagos<\/li>\n \t<li>Personalizaci\u00f3n de contenidos y publicidad<\/li>\n \t<li>Env\u00edo de boletines y recomendaciones editoriales<\/li>\n \t<li>Realizaci\u00f3n de concursos y encuestas a los lectores<\/li>\n \t<li>Garantizar la funcionalidad t\u00e9cnica y la seguridad de nuestros servicios<\/li>\n \t<li>Cumplimiento de las obligaciones legales<\/li>\n<\/ul>\n<h2>4. bases jur\u00eddicas del tratamiento de datos<\/h2>\nEl tratamiento de sus datos se basa en los siguientes fundamentos jur\u00eddicos:\n<ul>\n \t<li><b>Consentimiento (Art. 6 p\u00e1rr. 1 lit. a GDPR \/ Reglamento General de Protecci\u00f3n de Datos de la Rep\u00fablica Federal de Alemania):<\/b>\u00a0z. por ejemplo, para el env\u00edo de boletines informativos o el uso de cookies<\/li>\n \t<li><b>Cumplimiento de contrato (Art. 6 p\u00e1rrafo 1 lit. b GDPR):<\/b>\u00a0z. por ejemplo, para la tramitaci\u00f3n de suscripciones<\/li>\n \t<li><b>Intereses leg\u00edtimos (Art. 6 p\u00e1rrafo 1 lit. f GDPR):<\/b>\u00a0z. por ejemplo, para mejorar nuestros servicios o garantizar la seguridad inform\u00e1tica<\/li>\n \t<li><b>Obligaciones legales (Art. 6 p\u00e1rrafo 1 lit. c GDPR):<\/b>\u00a0z. por ejemplo, para almacenar datos de facturas<\/li>\n<\/ul>\n<h2>5. transferencia y transmisi\u00f3n de datos<\/h2>\nS\u00f3lo transmitimos sus datos a terceros si es necesario para la prestaci\u00f3n de nuestros servicios o si estamos legalmente obligados a hacerlo. Los destinatarios pueden ser:\n<ul>\n \t<li>Proveedor de servicios de alojamiento, procesamiento de pagos y env\u00edo<\/li>\n \t<li>Socios publicitarios y proveedores de an\u00e1lisis (con su consentimiento)<\/li>\n \t<li>Autoridades y tribunales (en caso de obligaci\u00f3n legal)<\/li>\n<\/ul>\nComo empresa de medios de comunicaci\u00f3n activa en todo el mundo con peri\u00f3dicos en todos los continentes, tambi\u00e9n transferimos datos a pa\u00edses fuera de la UE. En tales casos, nos aseguramos de que se garantice un nivel adecuado de protecci\u00f3n de datos de conformidad con el art. 44 y ss. GDPR, por ejemplo mediante cl\u00e1usulas contractuales tipo o decisiones de adecuaci\u00f3n de la Comisi\u00f3n de la UE.\n<h2>6. seguridad de los datos<\/h2>\nTomamos medidas t\u00e9cnicas y organizativas para proteger sus datos de accesos no autorizados, p\u00e9rdidas o usos indebidos. Entre ellas figuran el cifrado, los cortafuegos y las comprobaciones peri\u00f3dicas de seguridad.\n<h2>7 Sus derechos como interesado<\/h2>\nUsted tiene los siguientes derechos en relaci\u00f3n con sus datos personales:\n<ul>\n \t<li><b>Informaci\u00f3n<\/b>\u00a0(Art. 15 GDPR)<\/li>\n \t<li><b>Correcci\u00f3n<\/b>\u00a0(Art. 16 GDPR)<\/li>\n \t<li><b>Anulaci\u00f3n<\/b>\u00a0(Art. 17 GDPR)<\/li>\n \t<li><b>Restricci\u00f3n del tratamiento<\/b>\u00a0(Art. 18 GDPR)<\/li>\n \t<li><b>Portabilidad de los datos<\/b>\u00a0(Art. 20 GDPR)<\/li>\n \t<li><b>Contradicci\u00f3n<\/b>\u00a0(Art. 21 GDPR)<\/li>\n<\/ul>\nPara ejercer sus derechos, puede dirigirse a\u00a0<a href=\"mailto:Datenschutz@LegierGroup.com\" target=\"_blank\" rel=\"noopener noreferrer\">Datenschutz@LegierGroup.com<\/a>\u00a0p\u00f3ngase en contacto con nosotros. Tenga en cuenta que podemos pedirle un documento de identidad para identificarle.\n<h2>8. cookies y tecnolog\u00edas de seguimiento<\/h2>\nNuestros sitios web utilizan cookies y tecnolog\u00edas similares para facilitar y mejorar la experiencia del usuario. Puede ajustar la configuraci\u00f3n de cookies en cualquier momento. Puede encontrar m\u00e1s informaci\u00f3n en nuestra pol\u00edtica de cookies.\n<h2>9. cambios en la pol\u00edtica de privacidad<\/h2>\nNos reservamos el derecho a modificar esta pol\u00edtica de privacidad en caso necesario. Los cambios se publicar\u00e1n en nuestro sitio web y entrar\u00e1n en vigor en el momento de su publicaci\u00f3n. Le informaremos de cualquier cambio significativo por correo electr\u00f3nico.\n<h2>10. contacto<\/h2>\nSi tiene alguna pregunta sobre la pol\u00edtica de privacidad, p\u00f3ngase en contacto con\n<b>LEGIER Beteiligungs mbH (GRUPO DE MEDIOS LEGIER)<\/b>\nDatenschutzbeauftragter\nKurfurstendamm 14\nD-10719 Berlin\nBundesrepublik Deutschland\nE-Mail:\u00a0<a href=\"mailto:Datenschutz@LegierGroup.com\" target=\"_blank\" rel=\"noopener noreferrer\">Datenschutz@LegierGroup.com<\/a>\n<div class=\"mt-2 mb-2\"><\/div>\t\t\t\t\t\t\t\t<\/div>\n\t\t\t\t\t<\/div>\n\t\t\t\t<\/div>\n\t\t\t\t<\/div>","protected":false},"excerpt":{"rendered":"<p>Datenschutzerkl\u00e4rung der LEGIER Beteiligungs mbH (LEGIER MEDIENGRUPPE) Stand: 01. Juni 2025 Wir freuen uns \u00fcber Ihr Interesse an den Angeboten der LEGIER MEDIENGRUPPE. Der Schutz Ihrer personenbezogenen Daten ist uns ein wichtiges Anliegen. Mit dieser Datenschutzerkl\u00e4rung informieren wir Sie \u00fcber Art, Umfang und Zweck der von uns verarbeiteten personenbezogenen Daten sowie \u00fcber Ihre Rechte als [&hellip;]<\/p>\n","protected":false},"author":1,"featured_media":0,"parent":0,"menu_order":0,"comment_status":"closed","ping_status":"closed","template":"","meta":{"footnotes":""},"class_list":["post-734","page","type-page","status-publish","hentry"],"_links":{"self":[{"href":"https:\/\/legiergroup.info\/es\/wp-json\/wp\/v2\/pages\/734","targetHints":{"allow":["GET"]}}],"collection":[{"href":"https:\/\/legiergroup.info\/es\/wp-json\/wp\/v2\/pages"}],"about":[{"href":"https:\/\/legiergroup.info\/es\/wp-json\/wp\/v2\/types\/page"}],"author":[{"embeddable":true,"href":"https:\/\/legiergroup.info\/es\/wp-json\/wp\/v2\/users\/1"}],"replies":[{"embeddable":true,"href":"https:\/\/legiergroup.info\/es\/wp-json\/wp\/v2\/comments?post=734"}],"version-history":[{"count":11,"href":"https:\/\/legiergroup.info\/es\/wp-json\/wp\/v2\/pages\/734\/revisions"}],"predecessor-version":[{"id":1944,"href":"https:\/\/legiergroup.info\/es\/wp-json\/wp\/v2\/pages\/734\/revisions\/1944"}],"wp:attachment":[{"href":"https:\/\/legiergroup.info\/es\/wp-json\/wp\/v2\/media?parent=734"}],"curies":[{"name":"wp","href":"https:\/\/api.w.org\/{rel}","templated":true}]}}